
{"id":552,"date":"2019-11-05T12:10:48","date_gmt":"2019-11-05T11:10:48","guid":{"rendered":"https:\/\/przedszkole17.edu.wroclaw.pl\/?page_id=552"},"modified":"2026-04-16T08:15:03","modified_gmt":"2026-04-16T06:15:03","slug":"informacje","status":"publish","type":"page","link":"https:\/\/przedszkole17.edu.wroclaw.pl\/index.php\/dla-rodzicow\/informacje\/","title":{"rendered":"Kalendarz imprez"},"content":{"rendered":"<div class=\"wpb-content-wrapper\"><p>[vc_row][vc_column][vc_column_text css_animation=&#8221;flipInY&#8221; css=&#8221;&#8221;]<\/p>\n<p style=\"text-align: center\"><span style=\"font-family: verdana, geneva;font-size: 18pt\"><strong>Kalendarz imprez i wydarze\u0144 przedszkolnych 2025\/2026<\/strong><\/span><\/p>\n<p><img loading=\"lazy\" decoding=\"async\" class=\"size-full wp-image-18929 aligncenter\" src=\"https:\/\/przedszkole17.edu.wroclaw.pl\/wp-content\/uploads\/sites\/41\/2025\/09\/kalendarz-imprez.png\" alt=\"\" width=\"428\" height=\"512\" srcset=\"https:\/\/przedszkole17.edu.wroclaw.pl\/wp-content\/uploads\/sites\/41\/2025\/09\/kalendarz-imprez.png 428w, https:\/\/przedszkole17.edu.wroclaw.pl\/wp-content\/uploads\/sites\/41\/2025\/09\/kalendarz-imprez-251x300.png 251w\" sizes=\"auto, (max-width: 428px) 100vw, 428px\" \/><\/p>\n<table class=\" aligncenter\" width=\"624\">\n<tbody>\n<tr>\n<td style=\"border-style: solid;border-color: #0f0f0f\" colspan=\"3\" width=\"624\"><strong>\u00a0<\/strong><\/p>\n<p><strong>Wrzesie\u0144 2025<\/strong><\/p>\n<p><strong>\u00a0<\/strong><\/td>\n<\/tr>\n<tr>\n<td style=\"border-style: solid;border-color: #0f0f0f\" width=\"104\"><strong>Data <\/strong><\/p>\n<p><strong>\u00a0<\/strong><\/td>\n<td style=\"border-style: solid;border-color: #0f0f0f\" width=\"359\"><strong>Impreza, wydarzenie <\/strong><\/td>\n<td style=\"border-style: solid;border-color: #0f0f0f\" width=\"161\"><strong>Kogo dotyczy<\/strong><\/td>\n<\/tr>\n<tr>\n<td style=\"border-style: solid;border-color: #0f0f0f\" width=\"104\">1<\/td>\n<td style=\"border-style: solid;border-color: #0f0f0f\" width=\"359\">Zebrania informacyjno &#8211; organizacyjne<\/td>\n<td style=\"border-style: solid;border-color: #0f0f0f\" width=\"161\">Rodzice<\/td>\n<\/tr>\n<tr>\n<td style=\"border-style: solid;border-color: #0f0f0f\" width=\"104\">22<\/td>\n<td style=\"border-style: solid;border-color: #0f0f0f\" width=\"359\">Wycieczka z okazji <em>Dnia Przedszkolaka\u00a0 <\/em>oraz <em>Dnia Pustej Sali\u2013<\/em> \u201eZielona Dolina\u201d Krzept\u00f3w<\/td>\n<td style=\"border-style: solid;border-color: #0f0f0f\" width=\"161\">Grupy: 1, 2, 3, 4<\/td>\n<\/tr>\n<tr>\n<td style=\"border-style: solid;border-color: #0f0f0f\" width=\"104\">23<\/td>\n<td style=\"border-style: solid;border-color: #0f0f0f\" width=\"359\">Wycieczka z okazji <em>Dnia Przedszkolaka <\/em>oraz<em> Dnia Pustej Sali \u2013<\/em> \u201eZielona Dolina\u201d Krzept\u00f3w<\/td>\n<td style=\"border-style: solid;border-color: #0f0f0f\" width=\"161\">Grupy: 5, 6, 7, 8<\/td>\n<\/tr>\n<tr>\n<td style=\"border-style: solid;border-color: #0f0f0f\" width=\"104\">29<\/td>\n<td style=\"border-style: solid;border-color: #0f0f0f\" width=\"359\">\u201e\u015awiatowy dzie\u0144 serca\u201d \u2013 zaj\u0119cia edukacyjne<br \/>\nw grupach<\/td>\n<td style=\"border-style: solid;border-color: #0f0f0f\" width=\"161\">Wszystkie grupy<\/td>\n<\/tr>\n<tr>\n<td style=\"border-style: solid;border-color: #0f0f0f\" width=\"104\">30<\/td>\n<td style=\"border-style: solid;border-color: #0f0f0f\" width=\"359\">Warsztaty stomatologiczne w ramach programu \u201eProfilaktyka pr\u00f3chnicy z\u0119b\u00f3w u dzieci\u00a0 w wieku przedszkolnym\u201d<\/td>\n<td style=\"border-style: solid;border-color: #0f0f0f\" width=\"161\">Wszystkie grupy<\/td>\n<\/tr>\n<tr>\n<td style=\"border-style: solid;border-color: #0f0f0f\" colspan=\"3\" width=\"624\"><strong>\u00a0<\/strong><\/p>\n<p><strong>Pa\u017adziernik 2025<\/strong><\/td>\n<\/tr>\n<tr>\n<td style=\"border-style: solid;border-color: #0f0f0f\" width=\"104\"><strong>Data<\/strong><\/td>\n<td style=\"border-style: solid;border-color: #0f0f0f\" width=\"359\"><strong>Impreza, wydarzenie<\/strong><\/td>\n<td style=\"border-style: solid;border-color: #0f0f0f\" width=\"161\"><strong>Kogo dotyczy<\/strong><\/td>\n<\/tr>\n<tr>\n<td style=\"border-style: solid;border-color: #0f0f0f\" width=\"104\">1,2,3<\/td>\n<td style=\"border-style: solid;border-color: #0f0f0f\" width=\"359\">CBK Fama \u2013 spektakl \u201eNiepodpisany Pami\u0119tnik\u201d<\/td>\n<td style=\"border-style: solid;border-color: #0f0f0f\" width=\"161\">1.10 \u2013 gr. 4, 5, 6, 8<\/p>\n<p>2.10 \u2013 gr. 7<\/p>\n<p>3.10 \u2013 gr. 1<\/td>\n<\/tr>\n<tr>\n<td style=\"border-style: solid;border-color: #0f0f0f\" width=\"104\">10<\/td>\n<td style=\"border-style: solid;border-color: #0f0f0f\" width=\"359\">\u201e\u015awiatowy dzie\u0144 mycia r\u0105k\u201d &#8211; zaj\u0119cia edukacyjne<br \/>\nw grupach<\/td>\n<td style=\"border-style: solid;border-color: #0f0f0f\" width=\"161\">Wszystkie grupy<\/td>\n<\/tr>\n<tr>\n<td style=\"border-style: solid;border-color: #0f0f0f\" width=\"104\">13-17<\/td>\n<td style=\"border-style: solid;border-color: #0f0f0f\" width=\"359\">Pomoc podopiecznym Eko Stra\u017cy<br \/>\n\u2013 zorganizowanie zbi\u00f3rki dla zwierz\u0105t<\/td>\n<td style=\"border-style: solid;border-color: #0f0f0f\" width=\"161\">Wszystkie grupy<\/td>\n<\/tr>\n<tr>\n<td style=\"border-style: solid;border-color: #0f0f0f\" width=\"104\">\u00a0\u00a0\u00a0\u00a0\u00a0\u00a0\u00a0\u00a0 24<\/td>\n<td style=\"border-style: solid;border-color: #0f0f0f\" width=\"359\">Warsztaty jesienne z rodzicami<\/td>\n<td style=\"border-style: solid;border-color: #0f0f0f\" width=\"161\">Grupy: 7, 8<\/td>\n<\/tr>\n<tr>\n<td style=\"border-style: solid;border-color: #0f0f0f\" colspan=\"3\" width=\"624\"><strong>\u00a0<\/strong><\/p>\n<p><strong>Listopad 2025<\/strong><\/td>\n<\/tr>\n<tr>\n<td style=\"border-style: solid;border-color: #0f0f0f\" width=\"104\"><strong>Data<\/strong><\/td>\n<td style=\"border-style: solid;border-color: #0f0f0f\" width=\"359\"><strong>Impreza, wydarzenie<\/strong><\/td>\n<td style=\"border-style: solid;border-color: #0f0f0f\" width=\"161\"><strong>Kogo dotyczy<\/strong><\/td>\n<\/tr>\n<tr>\n<td style=\"border-style: solid;border-color: #0f0f0f\" width=\"104\">3-7<\/td>\n<td style=\"border-style: solid;border-color: #0f0f0f\" width=\"359\"><em>Dzie\u0144 Niepodleg\u0142o\u015bci <\/em>\u2013 zaj\u0119cia edukacyjne<br \/>\nw grupach<\/td>\n<td style=\"border-style: solid;border-color: #0f0f0f\" width=\"161\">Wszystkie grupy<\/p>\n<p>&nbsp;<\/td>\n<\/tr>\n<tr>\n<td style=\"border-style: solid;border-color: #0f0f0f\" width=\"104\">7<\/td>\n<td style=\"border-style: solid;border-color: #0f0f0f\" width=\"359\"><strong>Europejski Dzie\u0144 Zdrowego Jedzenia<br \/>\ni Gotowania \u2013 <\/strong>zaj\u0119cia edukacyjne w grupach,<\/td>\n<td style=\"border-style: solid;border-color: #0f0f0f\" width=\"161\">Wszystkie grupy,<\/p>\n<p>&nbsp;<\/td>\n<\/tr>\n<tr>\n<td style=\"border-style: solid;border-color: #0f0f0f\" width=\"104\">7-24<\/td>\n<td style=\"border-style: solid;border-color: #0f0f0f\" width=\"359\"><strong>\u201eKsi\u0105\u017cka pe\u0142na smak\u00f3w\u201d<\/strong> \u2013 opracowanie ksi\u0105\u017cki kucharskiej z przepis\u00f3w<br \/>\ni zdj\u0119\u0107 przygotowanych przez rodzic\u00f3w<\/td>\n<td style=\"border-style: solid;border-color: #0f0f0f\" width=\"161\">Ch\u0119tni rodzice<br \/>\ni dzieci<\/td>\n<\/tr>\n<tr>\n<td style=\"border-style: solid;border-color: #0f0f0f\" width=\"104\">10<\/td>\n<td style=\"border-style: solid;border-color: #0f0f0f\" width=\"359\"><em>Szko\u0142a do hymnu<\/em> \u2013 udzia\u0142 w akcji MEiN<\/td>\n<td style=\"border-style: solid;border-color: #0f0f0f\" width=\"161\">Wszystkie grupy<\/td>\n<\/tr>\n<tr>\n<td style=\"border-style: solid;border-color: #0f0f0f\" width=\"104\">20<\/td>\n<td style=\"border-style: solid;border-color: #0f0f0f\" width=\"359\"><em>Dzie\u0144 Praw Dziecka<\/em> \u2013 zapoznanie dzieci z ich prawami; Konwencja Praw Dziecka<\/td>\n<td style=\"border-style: solid;border-color: #0f0f0f\" width=\"161\">Wszystkie grupy<\/td>\n<\/tr>\n<tr>\n<td style=\"border-style: solid;border-color: #0f0f0f\" width=\"104\">21<\/td>\n<td style=\"border-style: solid;border-color: #0f0f0f\" width=\"359\"><strong>\u015awiatowy Dzie\u0144 \u017byczliwo\u015bci i Pozdrowie\u0144 <\/strong>&#8211; promowanie \u017cyczliwo\u015bci, bezinteresownej pomocy oraz pozytywnych emocji<\/td>\n<td style=\"border-style: solid;border-color: #0f0f0f\" width=\"161\">Wszystkie grupy<\/td>\n<\/tr>\n<tr>\n<td style=\"border-style: solid;border-color: #0f0f0f\" width=\"104\">25<\/td>\n<td style=\"border-style: solid;border-color: #0f0f0f\" width=\"359\">Obchody<em> Dnia Pluszowego Misia<\/em> \u201eKlinika chorego Misia\u201d<\/td>\n<td style=\"border-style: solid;border-color: #0f0f0f\" width=\"161\">Wszystkie grupy<\/td>\n<\/tr>\n<tr>\n<td style=\"border-style: solid;border-color: #0f0f0f\" colspan=\"3\" width=\"624\"><strong>\u00a0<\/strong><\/p>\n<p><strong>Grudzie\u0144 2025<\/strong><\/td>\n<\/tr>\n<tr>\n<td style=\"border-style: solid;border-color: #0f0f0f\" width=\"104\"><strong>Data<\/strong><\/td>\n<td style=\"border-style: solid;border-color: #0f0f0f\" width=\"359\"><strong>Impreza, wydarzenie<\/strong><\/td>\n<td style=\"border-style: solid;border-color: #0f0f0f\" width=\"161\"><strong>Kogo dotyczy<\/strong><\/td>\n<\/tr>\n<tr>\n<td style=\"border-style: solid;border-color: #0f0f0f\" width=\"104\">5<\/td>\n<td style=\"border-style: solid;border-color: #0f0f0f\" width=\"359\">Spotkanie z Miko\u0142ajem<\/p>\n<p>&nbsp;<\/td>\n<td style=\"border-style: solid;border-color: #0f0f0f\" width=\"161\">Wszystkie grupy<\/td>\n<\/tr>\n<tr>\n<td style=\"border-style: solid;border-color: #0f0f0f\" width=\"104\">8 -10<\/td>\n<td style=\"border-style: solid;border-color: #0f0f0f\" width=\"359\">Warsztaty bo\u017conarodzeniowe z rodzicami<\/td>\n<td style=\"border-style: solid;border-color: #0f0f0f\" width=\"161\">Grupy: 1, 2, 3, 4, 5, 6<\/td>\n<\/tr>\n<tr>\n<td style=\"border-style: solid;border-color: #0f0f0f\" width=\"104\">11-12<\/td>\n<td style=\"border-style: solid;border-color: #0f0f0f\" width=\"359\">Jase\u0142ka w przedszkolu<\/td>\n<td style=\"border-style: solid;border-color: #0f0f0f\" width=\"161\">Grupy: 7, 8<\/td>\n<\/tr>\n<tr>\n<td style=\"border-style: solid;border-color: #0f0f0f\" width=\"104\">15-19<\/td>\n<td style=\"border-style: solid;border-color: #0f0f0f\" width=\"359\">Tradycje \u015bwi\u0105t Bo\u017cego Narodzenia \u2013 zaj\u0119cia edukacyjne w grupach<\/td>\n<td style=\"border-style: solid;border-color: #0f0f0f\" width=\"161\">Wszystkie grupy<\/td>\n<\/tr>\n<tr>\n<td style=\"border-style: solid;border-color: #0f0f0f\" width=\"104\">19<\/td>\n<td style=\"border-style: solid;border-color: #0f0f0f\" width=\"359\">Wigilia w przedszkolu<\/td>\n<td style=\"border-style: solid;border-color: #0f0f0f\" width=\"161\">Wszystkie grupy<\/td>\n<\/tr>\n<tr>\n<td style=\"border-style: solid;border-color: #0f0f0f\" width=\"104\">Ca\u0142y miesi\u0105c<\/td>\n<td style=\"border-style: solid;border-color: #0f0f0f\" width=\"359\">Akcja charytatywna \u201eAnio\u0142kowe Granie\u201d<\/td>\n<td style=\"border-style: solid;border-color: #0f0f0f\" width=\"161\">Wszystkie grupy<\/td>\n<\/tr>\n<tr>\n<td style=\"border-style: solid;border-color: #0f0f0f\" colspan=\"3\" width=\"624\"><strong>\u00a0<\/strong><\/p>\n<p><strong>Stycze\u0144 2026<\/strong><\/td>\n<\/tr>\n<tr>\n<td style=\"border-style: solid;border-color: #0f0f0f\" width=\"104\"><strong>Data<\/strong><\/td>\n<td style=\"border-style: solid;border-color: #0f0f0f\" width=\"359\"><strong>Impreza, wydarzenie<\/strong><\/td>\n<td style=\"border-style: solid;border-color: #0f0f0f\" width=\"161\"><strong>Kogo dotyczy<\/strong><\/td>\n<\/tr>\n<tr>\n<td style=\"border-style: solid;border-color: #0f0f0f\" width=\"104\">Ca\u0142y miesi\u0105c<\/td>\n<td style=\"border-style: solid;border-color: #0f0f0f\" width=\"359\">Akcja charytatywna \u201eAnio\u0142kowe Granie\u201d<\/td>\n<td style=\"border-style: solid;border-color: #0f0f0f\" width=\"161\">Wszystkie grupy<\/td>\n<\/tr>\n<tr>\n<td style=\"border-style: solid;border-color: #0f0f0f\" width=\"104\">19-23<\/td>\n<td style=\"border-style: solid;border-color: #0f0f0f\" width=\"359\">Go\u015bcimy w przedszkolu nasze kochane Babcie i Dziadk\u00f3w \u2013 uroczysto\u015bci w grupach (warsztaty lub wyst\u0119py)<\/td>\n<td style=\"border-style: solid;border-color: #0f0f0f\" width=\"161\">Wszystkie grupy<\/td>\n<\/tr>\n<tr>\n<td style=\"border-style: solid;border-color: #0f0f0f\" width=\"104\">28<\/td>\n<td style=\"border-style: solid;border-color: #0f0f0f\" width=\"359\"><strong>Bal Karnawa\u0142owy<\/strong> w przedszkolu<\/td>\n<td style=\"border-style: solid;border-color: #0f0f0f\" width=\"161\">Wszystkie grupy<\/td>\n<\/tr>\n<tr>\n<td style=\"border-style: solid;border-color: #0f0f0f\" colspan=\"3\" width=\"624\"><strong>\u00a0<\/strong><\/p>\n<p><strong>Luty 2026<\/strong><\/p>\n<p>&nbsp;<\/td>\n<\/tr>\n<tr>\n<td style=\"border-style: solid;border-color: #0f0f0f\" width=\"104\"><strong>Data <\/strong><\/td>\n<td style=\"border-style: solid;border-color: #0f0f0f\" width=\"359\"><strong>Impreza, wydarzenie <\/strong><\/td>\n<td style=\"border-style: solid;border-color: #0f0f0f\" width=\"161\"><strong>Kogo dotyczy<\/strong><\/td>\n<\/tr>\n<tr>\n<td style=\"border-style: solid;border-color: #0f0f0f\" width=\"104\">20<\/td>\n<td style=\"border-style: solid;border-color: #0f0f0f\" width=\"359\"><em>Mi\u0119dzynarodowy Dzie\u0144 J\u0119zyka Ojczystego \u2013<\/em> zabawy z j\u0119zykiem polskim: nauka \u0142ama\u0144c\u00f3w j\u0119zykowych\/znanych rymowanek polskich<\/td>\n<td style=\"border-style: solid;border-color: #0f0f0f\" width=\"161\">Wszystkie grupy<\/td>\n<\/tr>\n<tr>\n<td style=\"border-style: solid;border-color: #0f0f0f\" width=\"104\">&nbsp;<\/p>\n<p>20<\/td>\n<td style=\"border-style: solid;border-color: #0f0f0f\" width=\"359\">Organizacja Przedszkolnego Przegl\u0105du Recytatorskiego dla ch\u0119tnych dzieci \u201ePolscy poeci dzieciom\u201d (przygotowuj\u0105 rodzice).<\/td>\n<td style=\"border-style: solid;border-color: #0f0f0f\" width=\"161\">Ch\u0119tne dzieci przygotowane przez rodzic\u00f3w<\/td>\n<\/tr>\n<tr>\n<td style=\"border-style: solid;border-color: #0f0f0f\" colspan=\"3\" width=\"624\"><strong>\u00a0<\/strong><\/p>\n<p><strong>Marzec 2026<\/strong><\/p>\n<p>&nbsp;<\/td>\n<\/tr>\n<tr>\n<td style=\"border-style: solid;border-color: #0f0f0f\" width=\"104\"><strong>Data <\/strong><\/td>\n<td style=\"border-style: solid;border-color: #0f0f0f\" width=\"359\"><strong>Impreza, wydarzenie <\/strong><\/td>\n<td style=\"border-style: solid;border-color: #0f0f0f\" width=\"161\"><strong>Kogo dotyczy<\/strong><\/td>\n<\/tr>\n<tr>\n<td style=\"border-style: solid;border-color: #0f0f0f\" width=\"104\">16-19<\/td>\n<td style=\"border-style: solid;border-color: #0f0f0f\" width=\"359\"><strong>Warsztaty wiosenno \u2013 wielkanocne <\/strong><\/p>\n<p>z rodzicami<\/td>\n<td style=\"border-style: solid;border-color: #0f0f0f\" width=\"161\">Wszystkie grupy<\/td>\n<\/tr>\n<tr>\n<td style=\"border-style: solid;border-color: #0f0f0f\" width=\"104\">20<\/td>\n<td style=\"border-style: solid;border-color: #0f0f0f\" width=\"359\">Obchody Pierwszego dnia wiosny \u2013 Parada wiosenna pod has\u0142em \u201eZdrowo i rado\u015bnie idziemy ku wio\u015bnie\u201d<\/td>\n<td style=\"border-style: solid;border-color: #0f0f0f\" width=\"161\">Wszystkie grupy<\/td>\n<\/tr>\n<tr>\n<td style=\"border-style: solid;border-color: #0f0f0f\" width=\"104\">20<\/td>\n<td style=\"border-style: solid;border-color: #0f0f0f\" width=\"359\"><em>Dzie\u0144 Kolorowej Skarpetki <\/em><strong>&#8211; <\/strong>podniesienie \u015bwiadomo\u015bci na temat \u017cycia i potrzeb os\u00f3b<br \/>\nz zespo\u0142em Downa<\/td>\n<td style=\"border-style: solid;border-color: #0f0f0f\" width=\"161\">Wszystkie grupy<\/td>\n<\/tr>\n<tr>\n<td style=\"border-style: solid;border-color: #0f0f0f\" width=\"104\">24<\/td>\n<td style=\"border-style: solid;border-color: #0f0f0f\" width=\"359\">Teatr Falkoshow w przedszkolu spektakl \u201eZ\u0142ota ryba\u201d<\/td>\n<td style=\"border-style: solid;border-color: #0f0f0f\" width=\"161\">Wszystkie grupy<\/td>\n<\/tr>\n<tr>\n<td style=\"border-style: solid;border-color: #0f0f0f\" width=\"104\">Do ustalenia<\/td>\n<td style=\"border-style: solid;border-color: #0f0f0f\" width=\"359\">Pasowanie na przedszkolaka<\/td>\n<td style=\"border-style: solid;border-color: #0f0f0f\" width=\"161\">Grupy: 2,3<\/td>\n<\/tr>\n<tr>\n<td style=\"border-style: solid;border-color: #0f0f0f\" width=\"104\">30 marca \u2013<br \/>\n3 kwietnia<\/td>\n<td style=\"border-style: solid;border-color: #0f0f0f\" width=\"359\">Polskie tradycje \u015awi\u0105t Wielkanocnych<br \/>\n\u2013 zwyczaje \u015bwi\u0105teczne w Polsce<\/td>\n<td style=\"border-style: solid;border-color: #0f0f0f\" width=\"161\">Wszystkie grupy<\/td>\n<\/tr>\n<tr>\n<td style=\"border-style: solid;border-color: #0f0f0f\" colspan=\"3\" width=\"624\"><strong>\u00a0<\/strong><\/p>\n<p><strong>Kwiecie\u0144 2026<\/strong><\/p>\n<p>&nbsp;<\/td>\n<\/tr>\n<tr>\n<td style=\"border-style: solid;border-color: #0f0f0f\" width=\"104\"><strong>Data <\/strong><\/td>\n<td style=\"border-style: solid;border-color: #0f0f0f\" width=\"359\"><strong>Impreza, wydarzenie <\/strong><\/td>\n<td style=\"border-style: solid;border-color: #0f0f0f\" width=\"161\"><strong>Kogo dotyczy<\/strong><\/td>\n<\/tr>\n<tr>\n<td style=\"border-style: solid;border-color: #0f0f0f\" width=\"104\">30 marca \u2013<br \/>\n3 kwietnia<\/td>\n<td style=\"border-style: solid;border-color: #0f0f0f\" width=\"359\">Polskie tradycje \u015awi\u0105t Wielkanocnych<br \/>\n\u2013 zwyczaje \u015bwi\u0105teczne w Polsce<\/td>\n<td style=\"border-style: solid;border-color: #0f0f0f\" width=\"161\">Wszystkie grupy<\/td>\n<\/tr>\n<tr>\n<td style=\"border-style: solid;border-color: #0f0f0f\" width=\"104\">2<\/td>\n<td style=\"border-style: solid;border-color: #0f0f0f\" width=\"359\">\u201eNiebieskie Igrzyska\u201d \u2013 \u015awiatowy Dzie\u0144 \u015awiadomo\u015bci Autyzmu (podniesienie \u015bwiadomo\u015bci na temat \u017cycia i potrzeb os\u00f3b<br \/>\nw spektrum)<\/td>\n<td style=\"border-style: solid;border-color: #0f0f0f\" width=\"161\">Wszystkie grupy<\/td>\n<\/tr>\n<tr>\n<td style=\"border-style: solid;border-color: #0f0f0f\" width=\"104\">15<\/td>\n<td style=\"border-style: solid;border-color: #0f0f0f\" width=\"359\">Mi\u0119dzyprzedszkolny Przegl\u0105d Artystyczny<br \/>\nVI edycja \u201eInspiracji Zakrzowskich Przedszkolak\u00f3w&#8221;<\/td>\n<td style=\"border-style: solid;border-color: #0f0f0f\" width=\"161\">Grupy: 4,6<\/td>\n<\/tr>\n<tr>\n<td style=\"border-style: solid;border-color: #0f0f0f\" width=\"104\">24<\/td>\n<td style=\"border-style: solid;border-color: #0f0f0f\" width=\"359\"><em>Mi\u0119dzynarodowy Dzie\u0144 \u015awiadomo\u015bci Zagro\u017cenia Ha\u0142asem<\/em> \u2013 zaj\u0119cia edukacyjne w grupach<\/td>\n<td style=\"border-style: solid;border-color: #0f0f0f\" width=\"161\">Wszystkie grupy<\/td>\n<\/tr>\n<tr>\n<td style=\"border-style: solid;border-color: #0f0f0f\" width=\"104\">27-30<\/td>\n<td style=\"border-style: solid;border-color: #0f0f0f\" width=\"359\"><em>\u201ePolska \u2013 od morza a\u017c po g\u00f3ry\u201d:<\/em> zaj\u0119cia edukacyjne w grupach<\/td>\n<td style=\"border-style: solid;border-color: #0f0f0f\" width=\"161\">Wszystkie grupy<\/td>\n<\/tr>\n<tr>\n<td style=\"border-style: solid;border-color: #0f0f0f\" colspan=\"3\" width=\"624\"><strong>\u00a0<\/strong><\/p>\n<p><strong>Maj 2026<\/strong><\/p>\n<p>&nbsp;<\/td>\n<\/tr>\n<tr>\n<td style=\"border-style: solid;border-color: #0f0f0f\" width=\"104\"><strong>Data <\/strong><\/td>\n<td style=\"border-style: solid;border-color: #0f0f0f\" width=\"359\"><strong>Impreza, wydarzenie <\/strong><\/td>\n<td style=\"border-style: solid;border-color: #0f0f0f\" width=\"161\"><strong>Kogo dotyczy<\/strong><\/td>\n<\/tr>\n<tr>\n<td style=\"border-style: solid;border-color: #0f0f0f\" width=\"104\">4-29<\/td>\n<td style=\"border-style: solid;border-color: #0f0f0f\" width=\"359\">Udzia\u0142 w kampanii \u201eRowerowy Maj\u201d<\/td>\n<td style=\"border-style: solid;border-color: #0f0f0f\" width=\"161\">Wszystkie grupy<\/td>\n<\/tr>\n<tr>\n<td style=\"border-style: solid;border-color: #0f0f0f\" width=\"104\">4-8<\/td>\n<td style=\"border-style: solid;border-color: #0f0f0f\" width=\"359\">\u201eWroc\u0142aw moje miasto\u201d \u2013 zaj\u0119cia edukacyjne<br \/>\no Wroc\u0142awiu zako\u0144czone quizem<\/td>\n<td style=\"border-style: solid;border-color: #0f0f0f\" width=\"161\">Wszystkie grupy<\/td>\n<\/tr>\n<tr>\n<td style=\"border-style: solid;border-color: #0f0f0f\" width=\"104\">6<\/td>\n<td style=\"border-style: solid;border-color: #0f0f0f\" width=\"359\"><a href=\"https:\/\/www.google.com\/search?sca_esv=645a7eefc0f353ba&amp;cs=0&amp;q=Europejski+Dzie\u0144+Bezpiecze\u0144stwa+Ruchu+Drogowego&amp;sa=X&amp;ved=2ahUKEwiX0uXQnf2OAxU8RPEDHRi_MOMQxccNegQIAxAB&amp;mstk=AUtExfAGiH5uM4iFEEaSpoM40Foi-IzRZQwDb7nb8julWCPSW337h9R3Nmjqp2LBEXMfIgZhnYDF6adR019STzRkZ-xzy376b1RFHRmN9ZQF0QAAkUz8QFG5_BUuIxP5qtuG-jk&amp;csui=3\"><em>Europejski Dzie\u0144 Bezpiecze\u0144stwa Ruchu Drogowego<\/em><\/a> <strong>&#8211;<\/strong> stworzenie miasteczka ruchu drogowego dla pieszych i rowerzyst\u00f3w na placu przed przedszkolem<\/td>\n<td style=\"border-style: solid;border-color: #0f0f0f\" width=\"161\">Wszystkie grupy<\/td>\n<\/tr>\n<tr>\n<td style=\"border-style: solid;border-color: #0f0f0f\" width=\"104\">13-15<\/td>\n<td style=\"border-style: solid;border-color: #0f0f0f\" width=\"359\"><em>Dzie\u0144 Rodziny<\/em><strong> \u2013<\/strong> wsp\u00f3lne zabawy<br \/>\nz rodzicami<\/td>\n<td style=\"border-style: solid;border-color: #0f0f0f\" width=\"161\">Grupy: 1, 2, 3, 4,5,6\u00a0 Rodzice<\/td>\n<\/tr>\n<tr>\n<td style=\"border-style: solid;border-color: #0f0f0f\" width=\"104\">22<\/td>\n<td style=\"border-style: solid;border-color: #0f0f0f\" width=\"359\"><strong>Mi\u0119dzyprzedszkolna Spartakiada \u201eFair Play\u201d \u2013 <\/strong>promocja sportu w duchu szlachetnych zasad sportowej rywalizacji.<\/td>\n<td style=\"border-style: solid;border-color: #0f0f0f\" width=\"161\">Grupa 5<\/td>\n<\/tr>\n<tr>\n<td style=\"border-style: solid;border-color: #0f0f0f\" colspan=\"3\" width=\"624\"><strong>\u00a0<\/strong><\/p>\n<p><strong>Czerwiec 2026<\/strong><\/p>\n<p>&nbsp;<\/td>\n<\/tr>\n<tr>\n<td style=\"border-style: solid;border-color: #0f0f0f\" width=\"104\"><strong>Data <\/strong><\/td>\n<td style=\"border-style: solid;border-color: #0f0f0f\" width=\"359\"><strong>Impreza, wydarzenie <\/strong><\/td>\n<td style=\"border-style: solid;border-color: #0f0f0f\" width=\"161\"><strong>Kogo dotyczy<\/strong><\/td>\n<\/tr>\n<tr>\n<td style=\"border-style: solid;border-color: #0f0f0f\" width=\"104\">1<\/td>\n<td style=\"border-style: solid;border-color: #0f0f0f\" width=\"359\"><em>Dzie\u0144 Dziecka<\/em> \u2013 zabawy na placu zabaw<\/td>\n<td style=\"border-style: solid;border-color: #0f0f0f\" width=\"161\">Wszystkie grupy<\/td>\n<\/tr>\n<tr>\n<td style=\"border-style: solid;border-color: #0f0f0f\" width=\"104\">8<\/td>\n<td style=\"border-style: solid;border-color: #0f0f0f\" width=\"359\"><em>Dzie\u0144 dziecka <\/em>\u2013 teatr w przedszkolu <strong>Bajkow\u00f3z<\/strong> spektakl \u201eKrasnal Ha\u0142aba\u0142a\u201d;<br \/>\nZabawy i gry w ogrodzie przedszkolnym<\/td>\n<td style=\"border-style: solid;border-color: #0f0f0f\" width=\"161\">Wszystkie grupy<\/td>\n<\/tr>\n<tr>\n<td style=\"border-style: solid;border-color: #0f0f0f\" width=\"104\">9<\/td>\n<td style=\"border-style: solid;border-color: #0f0f0f\" width=\"359\"><em>Dzie\u0144 dziecka <\/em>\u2013 wycieczka do Wioski India\u0144skiej \u201ePocahontas\u201d<\/td>\n<td style=\"border-style: solid;border-color: #0f0f0f\" width=\"161\">Wszystkie grupy<\/td>\n<\/tr>\n<tr>\n<td style=\"border-style: solid;border-color: #0f0f0f\" width=\"104\">12<\/td>\n<td style=\"border-style: solid;border-color: #0f0f0f\" width=\"359\">\u201eImieniny Rodziny\u201d<strong> &#8211; <\/strong>festyn kowbojski z okazji <em>Dnia Rodziny<\/em> pod has\u0142em \u201ePrzedszkolny Dziki Zach\u00f3d\u201d<\/td>\n<td style=\"border-style: solid;border-color: #0f0f0f\" width=\"161\">Wszystkie grupy,<\/p>\n<p>Rodzice<\/td>\n<\/tr>\n<tr>\n<td style=\"border-style: solid;border-color: #0f0f0f\" width=\"104\">18-19<\/td>\n<td style=\"border-style: solid;border-color: #0f0f0f\" width=\"359\">Zako\u0144czenie roku szkolnego dla 6 latk\u00f3w \u2013 wyst\u0119py z udzia\u0142em rodzic\u00f3w<\/td>\n<td style=\"border-style: solid;border-color: #0f0f0f\" width=\"161\">Grupy: 7, 8<\/p>\n<p>&nbsp;<\/td>\n<\/tr>\n<\/tbody>\n<\/table>\n<p style=\"text-align: center\"><em>\u00a0<\/em><\/p>\n<p>[\/vc_column_text][\/vc_column][\/vc_row]<\/p>\n<\/div>","protected":false},"excerpt":{"rendered":"<p>[vc_row][vc_column][vc_column_text css_animation=&#8221;flipInY&#8221; css=&#8221;&#8221;] Kalendarz imprez i wydarze\u0144 przedszkolnych 2025\/2026 \u00a0 Wrzesie\u0144 2025 \u00a0 Data \u00a0 Impreza, wydarzenie Kogo dotyczy 1 Zebrania informacyjno &#8211; organizacyjne Rodzice 22 Wycieczka z okazji Dnia [&hellip;]<\/p>\n","protected":false},"author":72,"featured_media":0,"parent":15,"menu_order":0,"comment_status":"closed","ping_status":"closed","template":"","meta":{"ngg_post_thumbnail":0,"footnotes":""},"class_list":["post-552","page","type-page","status-publish","hentry","clearfix"],"_links":{"self":[{"href":"https:\/\/przedszkole17.edu.wroclaw.pl\/index.php\/wp-json\/wp\/v2\/pages\/552","targetHints":{"allow":["GET"]}}],"collection":[{"href":"https:\/\/przedszkole17.edu.wroclaw.pl\/index.php\/wp-json\/wp\/v2\/pages"}],"about":[{"href":"https:\/\/przedszkole17.edu.wroclaw.pl\/index.php\/wp-json\/wp\/v2\/types\/page"}],"author":[{"embeddable":true,"href":"https:\/\/przedszkole17.edu.wroclaw.pl\/index.php\/wp-json\/wp\/v2\/users\/72"}],"replies":[{"embeddable":true,"href":"https:\/\/przedszkole17.edu.wroclaw.pl\/index.php\/wp-json\/wp\/v2\/comments?post=552"}],"version-history":[{"count":102,"href":"https:\/\/przedszkole17.edu.wroclaw.pl\/index.php\/wp-json\/wp\/v2\/pages\/552\/revisions"}],"predecessor-version":[{"id":20300,"href":"https:\/\/przedszkole17.edu.wroclaw.pl\/index.php\/wp-json\/wp\/v2\/pages\/552\/revisions\/20300"}],"up":[{"embeddable":true,"href":"https:\/\/przedszkole17.edu.wroclaw.pl\/index.php\/wp-json\/wp\/v2\/pages\/15"}],"wp:attachment":[{"href":"https:\/\/przedszkole17.edu.wroclaw.pl\/index.php\/wp-json\/wp\/v2\/media?parent=552"}],"curies":[{"name":"wp","href":"https:\/\/api.w.org\/{rel}","templated":true}]}}